{"id":1223,"date":"2025-02-14T12:49:42","date_gmt":"2025-02-14T12:49:42","guid":{"rendered":"https:\/\/www.tarimzirveleri.com\/2025\/?page_id=1223"},"modified":"2025-02-16T13:19:30","modified_gmt":"2025-02-16T13:19:30","slug":"agriculture-awards","status":"publish","type":"page","link":"https:\/\/www.tarimzirveleri.com\/2025\/en\/agriculture-awards\/","title":{"rendered":"Agriculture Awards"},"content":{"rendered":"<div class=\"wpb-content-wrapper\"><p>[vc_row][vc_column][vc_empty_space][vc_column_text]<\/p>\n<p style=\"text-align: center;\"><span style=\"color: #00bef1; font-size: 24pt; line-height: 30px;\"><strong>Tar\u0131ma Emek Verenler \u00d6d\u00fcl\u00fc<br \/>\n<\/strong><\/span><\/p>\n<p>[\/vc_column_text][\/vc_column][\/vc_row][vc_row][vc_column][vc_column_text]<\/p>\n<p style=\"text-align: center;\"><span style=\"font-size: 12pt;\">Tar\u0131m alan\u0131nda \u00e7al\u0131\u015fm\u0131\u015f duayen bilim insanlar\u0131, kooperatif liderleri ve tar\u0131m ve g\u0131da de\u011fer zincirine olumlu etkileri ile \u00f6ne \u00e7\u0131kan isimleri onurland\u0131rmak amac\u0131yla verilen \u201cTar\u0131ma Emek Verenler \u00d6d\u00fcl\u00fc\u201d, birikimleriyle tar\u0131msal \u00fcretime, g\u0131da g\u00fcvenli\u011fine ve s\u00fcrd\u00fcr\u00fclebilirli\u011fe katk\u0131 sa\u011flayan de\u011ferli bireylere sunulmaktad\u0131r. Tar\u0131m bilgisinin nesiller boyu aktar\u0131lmas\u0131 ve de\u011ferini korumas\u0131n\u0131 sa\u011flayan bu isimler, emekleri ve vizyonlar\u0131yla sekt\u00f6re ilham vermeye devam ediyor.<\/span><\/p>\n<blockquote>\n<p style=\"text-align: center;\"><span style=\"font-size: 12pt;\"><strong><em>T\u00fcrk Tar\u0131m\u0131na verdi\u011finiz emek ve katt\u0131\u011f\u0131n\u0131z de\u011fer unutulmayacak.<\/em><\/strong><\/span><\/p>\n<p style=\"text-align: center;\"><span style=\"font-size: 12pt;\"><strong><em>Cumhuriyet&#8217;in ve Atat\u00fcrk&#8217;\u00fcn \u00e7ocuklar\u0131 sizlere sonsuz te\u015fekk\u00fcrlerini sunarlar.<\/em><\/strong><\/span><\/p>\n<\/blockquote>\n<p>[\/vc_column_text][\/vc_column][\/vc_row][vc_row full_width=&#8221;stretch_row_content_no_spaces&#8221;][vc_column][vc_empty_space][vc_separator][vc_empty_space][\/vc_column][\/vc_row][vc_row][vc_column][vc_column_text]<\/p>\n<p style=\"text-align: center;\"><span style=\"color: #001126; font-size: 24pt; line-height: 30px;\"><strong>2025 \u00d6d\u00fclleri<br \/>\n<\/strong><\/span><\/p>\n<p>[\/vc_column_text][\/vc_column][\/vc_row][vc_row][vc_column][vc_raw_html]JTVCZ3N0ZWFtJTIwaWQlM0Q2JTVE[\/vc_raw_html][\/vc_column][\/vc_row][vc_row full_width=&#8221;stretch_row_content_no_spaces&#8221;][vc_column][vc_empty_space][vc_separator][vc_empty_space][\/vc_column][\/vc_row][vc_row][vc_column][vc_column_text]<\/p>\n<p style=\"text-align: center;\"><span style=\"color: #001126; font-size: 24pt; line-height: 30px;\"><strong>2024 \u00d6d\u00fclleri<br \/>\n<\/strong><\/span><\/p>\n<p>2024 y\u0131l\u0131nda Dernek taraf\u0131ndan, Ankara \u00dcniversitesi \u00f6nceki Rekt\u00f6r\u00fc, TARGET Ba\u015fkan\u0131 Prof. Dr. Cemal Talu\u011f, hayvanc\u0131l\u0131k sekt\u00f6r\u00fcn\u00fcn duayen isimlerinden Veteriner Hekim Tahir S. Yavuz ile T\u00fcrk Kooperatif\u00e7ili\u011finin ya\u015fayan en \u00f6nemli isimleri aras\u0131nda yer alan \u00d6demi\u015f, Bademli Tar\u0131msal Kalk\u0131nma Kooperatifinin efsane Ba\u015fkan\u0131 Sel\u00e7uk Bilgi\u2019ye onur \u00f6d\u00fcl\u00fc plaketleri takdim edilmi\u015fti.<\/p>\n<p>Kendilerine \u015f\u00fckran ve sayg\u0131lar\u0131m\u0131zla.[\/vc_column_text][\/vc_column][\/vc_row][vc_row][vc_column][vc_raw_html]JTVCZ3N0ZWFtJTIwaWQlM0Q3JTVE[\/vc_raw_html][\/vc_column][\/vc_row]<\/p>\n<\/div>","protected":false},"excerpt":{"rendered":"<p>[vc_row][vc_column][vc_empty_space][vc_column_text] Tar\u0131ma Emek Verenler \u00d6d\u00fcl\u00fc [\/vc_column_text][\/vc_column][\/vc_row][vc_row][vc_column][vc_column_text] Tar\u0131m alan\u0131nda \u00e7al\u0131\u015fm\u0131\u015f duayen bilim insanlar\u0131, kooperatif liderleri ve tar\u0131m ve g\u0131da de\u011fer zincirine olumlu etkileri ile \u00f6ne \u00e7\u0131kan isimleri<span class=\"excerpt-hellip\"> [\u2026]<\/span><\/p>\n","protected":false},"author":1,"featured_media":0,"parent":0,"menu_order":0,"comment_status":"closed","ping_status":"closed","template":"","meta":{"footnotes":""},"class_list":["post-1223","page","type-page","status-publish","hentry"],"_links":{"self":[{"href":"https:\/\/www.tarimzirveleri.com\/2025\/wp-json\/wp\/v2\/pages\/1223","targetHints":{"allow":["GET"]}}],"collection":[{"href":"https:\/\/www.tarimzirveleri.com\/2025\/wp-json\/wp\/v2\/pages"}],"about":[{"href":"https:\/\/www.tarimzirveleri.com\/2025\/wp-json\/wp\/v2\/types\/page"}],"author":[{"embeddable":true,"href":"https:\/\/www.tarimzirveleri.com\/2025\/wp-json\/wp\/v2\/users\/1"}],"replies":[{"embeddable":true,"href":"https:\/\/www.tarimzirveleri.com\/2025\/wp-json\/wp\/v2\/comments?post=1223"}],"version-history":[{"count":8,"href":"https:\/\/www.tarimzirveleri.com\/2025\/wp-json\/wp\/v2\/pages\/1223\/revisions"}],"predecessor-version":[{"id":1255,"href":"https:\/\/www.tarimzirveleri.com\/2025\/wp-json\/wp\/v2\/pages\/1223\/revisions\/1255"}],"wp:attachment":[{"href":"https:\/\/www.tarimzirveleri.com\/2025\/wp-json\/wp\/v2\/media?parent=1223"}],"curies":[{"name":"wp","href":"https:\/\/api.w.org\/{rel}","templated":true}]}}